{"id":275,"date":"2023-11-10T15:46:17","date_gmt":"2023-11-10T15:46:17","guid":{"rendered":"https:\/\/haraldnieswandt.de\/?page_id=275"},"modified":"2026-03-17T15:09:24","modified_gmt":"2026-03-17T15:09:24","slug":"harald-nieswandts-profil","status":"publish","type":"page","link":"https:\/\/haraldnieswandt.de\/?page_id=275","title":{"rendered":"02-4 Harald Nieswandts Profil"},"content":{"rendered":"\n<p class=\"has-text-align-center\">(<a href=\"https:\/\/haraldnieswandt.de\/wp-content\/uploads\/2023\/11\/Profil-HNi.pdf\">Download als PDF<\/a>)<br><\/p>\n\n\n\n<h2 class=\"wp-block-heading\" id=\"0-harald-nieswandt\">Harald Nieswandt<\/h2>\n\n\n\n<div class=\"wp-block-columns is-layout-flex wp-container-core-columns-is-layout-28f84493 wp-block-columns-is-layout-flex\">\n<div class=\"wp-block-column is-layout-flow wp-block-column-is-layout-flow\">\n<ul class=\"wp-block-list\">\n<li class=\"has-normal-font-size\" style=\"line-height:3\">Entwicklung<\/li>\n\n\n\n<li class=\"has-normal-font-size\" style=\"line-height:3\">Konstruktion<\/li>\n\n\n\n<li class=\"has-normal-font-size\" style=\"line-height:3\">Wertanalyse<\/li>\n\n\n\n<li class=\"has-normal-font-size\" style=\"line-height:3\">Projektleitung<\/li>\n\n\n\n<li class=\"has-normal-font-size\" style=\"line-height:3\">Softwareentwicklung<\/li>\n\n\n\n<li class=\"has-normal-font-size\" style=\"line-height:3\">Technische Dokumente<\/li>\n\n\n\n<li class=\"has-normal-font-size\" style=\"line-height:3\">Konstruktionskataloge<\/li>\n<\/ul>\n<\/div>\n\n\n\n<div class=\"wp-block-column is-layout-flow wp-block-column-is-layout-flow\">\n<figure class=\"wp-block-image size-large\"><img loading=\"lazy\" decoding=\"async\" width=\"1016\" height=\"1024\" src=\"https:\/\/haraldnieswandt.de\/wp-content\/uploads\/2023\/11\/Avatar-1016x1024.png\" alt=\"\" class=\"wp-image-276\" srcset=\"https:\/\/haraldnieswandt.de\/wp-content\/uploads\/2023\/11\/Avatar-1016x1024.png 1016w, https:\/\/haraldnieswandt.de\/wp-content\/uploads\/2023\/11\/Avatar-298x300.png 298w, https:\/\/haraldnieswandt.de\/wp-content\/uploads\/2023\/11\/Avatar-150x150.png 150w, https:\/\/haraldnieswandt.de\/wp-content\/uploads\/2023\/11\/Avatar-768x774.png 768w, https:\/\/haraldnieswandt.de\/wp-content\/uploads\/2023\/11\/Avatar.png 1068w\" sizes=\"auto, (max-width: 1016px) 100vw, 1016px\" \/><\/figure>\n<\/div>\n<\/div>\n\n\n<div class=\"wp-block-ub-divider ub_divider ub-divider-orientation-horizontal\" id=\"ub_divider_25cd75bf-f365-4d24-b818-b75ed4e34748\"><div class=\"ub_divider_wrapper\" style=\"position: relative; margin-bottom: 2px; width: 20%; height: 2px; \" data-divider-alignment=\"center\"><div class=\"ub_divider_line\" style=\"border-top: 2px solid #ccc; margin-top: 2px; \"><\/div><\/div><\/div>\n\n<div class=\"wp-block-ub-table-of-contents-block ub_table-of-contents\" id=\"ub_table-of-contents-6fc2afff-9372-4b84-9586-22075e782379\" data-linktodivider=\"false\" data-showtext=\"show\" data-hidetext=\"hide\" data-scrolltype=\"auto\" data-enablesmoothscroll=\"false\" data-initiallyhideonmobile=\"false\" data-initiallyshow=\"true\"><div class=\"ub_table-of-contents-header-container\" style=\"\">\n\t\t\t<div class=\"ub_table-of-contents-header\" style=\"text-align: left; \">\n\t\t\t\t<div class=\"ub_table-of-contents-title\">Inhalt\u00fcbersicht<\/div>\n\t\t\t\t\n\t\t\t<\/div>\n\t\t<\/div><div class=\"ub_table-of-contents-extra-container\" style=\"\">\n\t\t\t<div class=\"ub_table-of-contents-container ub_table-of-contents-1-column \">\n\t\t\t\t<ul style=\"\"><li style=\"\"><a href=\"https:\/\/haraldnieswandt.de\/?page_id=275#1-profil\" style=\"\">Profil<\/a><\/li><li style=\"\"><a href=\"https:\/\/haraldnieswandt.de\/?page_id=275#2-erfahrung\" style=\"\">Erfahrung<\/a><\/li><li style=\"\"><a href=\"https:\/\/haraldnieswandt.de\/?page_id=275#3-ausbildung\" style=\"\">Ausbildung<\/a><\/li><li style=\"\"><a href=\"https:\/\/haraldnieswandt.de\/?page_id=275#4-sprachkenntnisse\" style=\"\">Sprachkenntnisse<\/a><\/li><li style=\"\"><a href=\"https:\/\/haraldnieswandt.de\/?page_id=275#5-f%C3%A4higkeiten\" style=\"\">F\u00e4higkeiten<\/a><\/li><\/ul>\n\t\t\t<\/div>\n\t\t<\/div><\/div>\n\n<div class=\"wp-block-ub-divider ub_divider ub-divider-orientation-horizontal\" id=\"ub_divider_da35f5d2-476a-4d19-96fe-aa54a28909d4\"><div class=\"ub_divider_wrapper\" style=\"position: relative; margin-bottom: 2px; width: 20%; height: 2px; \" data-divider-alignment=\"center\"><div class=\"ub_divider_line\" style=\"border-top: 2px solid #ccc; margin-top: 2px; \"><\/div><\/div><\/div>\n\n\n<h2 class=\"wp-block-heading\" id=\"1-profil\">Profil<\/h2>\n\n\n\n<div class=\"wp-block-columns is-layout-flex wp-container-core-columns-is-layout-28f84493 wp-block-columns-is-layout-flex\">\n<div class=\"wp-block-column is-layout-flow wp-block-column-is-layout-flow\" style=\"flex-basis:25%\">\n<p>Berufliches Profil:<\/p>\n<\/div>\n\n\n\n<div class=\"wp-block-column is-layout-flow wp-block-column-is-layout-flow\" style=\"flex-basis:75%\">\n<ul class=\"wp-block-list\">\n<li style=\"line-height:2\">\u00dcber 37 Jahre Erfahrung in Entwicklung, Konstruktion, Prototypenbau, Fertigung und Projektleitung<\/li>\n\n\n\n<li style=\"line-height:2\">Spezialist f\u00fcr Getriebe<\/li>\n\n\n\n<li style=\"line-height:2\">mehrfach \u00dcbernahme leitender Verantwortung<\/li>\n\n\n\n<li style=\"line-height:2\">dabei stets auch selbst Entw\u00fcrfe, Konstruktionen, Berechnungen, Software, Konstruktionskataloge und Arbeitsanweisungen erstellt<\/li>\n<\/ul>\n<\/div>\n<\/div>\n\n\n<div class=\"wp-block-ub-divider ub_divider ub-divider-orientation-horizontal\" id=\"ub_divider_424d4472-4346-4b16-bee6-22ff5023e7f9\"><div class=\"ub_divider_wrapper\" style=\"position: relative; margin-bottom: 2px; width: 20%; height: 2px; \" data-divider-alignment=\"center\"><div class=\"ub_divider_line\" style=\"border-top: 2px solid #ccc; margin-top: 2px; \"><\/div><\/div><\/div>\n\n\n<div class=\"wp-block-columns is-layout-flex wp-container-core-columns-is-layout-28f84493 wp-block-columns-is-layout-flex\">\n<div class=\"wp-block-column is-layout-flow wp-block-column-is-layout-flow\" style=\"flex-basis:25%\">\n<p>Pers\u00f6nliches Profil:<\/p>\n<\/div>\n\n\n\n<div class=\"wp-block-column is-layout-flow wp-block-column-is-layout-flow\" style=\"flex-basis:75%\">\n<ul class=\"wp-block-list\">\n<li style=\"line-height:2\">sehr gutes technisches Verst\u00e4ndnis und Allgemeinwissen<\/li>\n\n\n\n<li style=\"line-height:2\">kreativ<\/li>\n\n\n\n<li style=\"line-height:2\">systematisches Vorgehen<\/li>\n\n\n\n<li style=\"line-height:2\">selbstst\u00e4ndige Arbeitsweise<\/li>\n\n\n\n<li style=\"line-height:2\">belastbar und hohe Einsatzbereitschaft<\/li>\n\n\n\n<li style=\"line-height:2\">teamorientiert<\/li>\n\n\n\n<li style=\"line-height:2\">sehr schnelle Auffassungsgabe, kurze Einarbeitungszeit<\/li>\n\n\n\n<li style=\"line-height:2\">bei leitenden T\u00e4tigkeiten kooperativer F\u00fchrungsstil<\/li>\n<\/ul>\n<\/div>\n<\/div>\n\n\n<div class=\"wp-block-ub-divider ub_divider ub-divider-orientation-horizontal\" id=\"ub_divider_76982949-545f-4bba-91de-6939d8021d18\"><div class=\"ub_divider_wrapper\" style=\"position: relative; margin-bottom: 2px; width: 20%; height: 2px; \" data-divider-alignment=\"center\"><div class=\"ub_divider_line\" style=\"border-top: 2px solid #ccc; margin-top: 2px; \"><\/div><\/div><\/div>\n\n\n<h2 class=\"wp-block-heading\" id=\"2-erfahrung\">Erfahrung<\/h2>\n\n\n\n<div class=\"wp-block-columns is-layout-flex wp-container-core-columns-is-layout-28f84493 wp-block-columns-is-layout-flex\">\n<div class=\"wp-block-column is-layout-flow wp-block-column-is-layout-flow\" style=\"flex-basis:20%\">\n<p class=\"has-text-align-center\"><strong>seit 09 \/ 25:<\/strong><\/p>\n<\/div>\n\n\n\n<div class=\"wp-block-column is-layout-flow wp-block-column-is-layout-flow\" style=\"flex-basis:10%\">\n<p class=\"has-text-align-right\"><strong>Firma:<br>Projekt:<br>Rolle:<\/strong><\/p>\n<\/div>\n\n\n\n<div class=\"wp-block-column is-layout-flow wp-block-column-is-layout-flow\" style=\"flex-basis:70%\">\n<p><strong>b-drives GmbH<\/strong><br><strong>Getriebeentwicklung<br>Entwicklungsingenieur<\/strong><\/p>\n<\/div>\n<\/div>\n\n\n\n<p><strong>Neuentwicklung eines mehrstufigen Seriengetriebes<\/strong><\/p>\n\n\n\n<ul class=\"wp-block-list\">\n<li>Konzept f\u00fcr Verzahnung, Lagerung und Dichtungen<\/li>\n\n\n\n<li>Auslegung und Berechnung von Verzahnungen, W\u00e4lz u. Gleitlagern sowie Wellen\n<ul class=\"wp-block-list\">\n<li>Verzahnungsauslegung u. -berechnung nach ISO 6336<\/li>\n\n\n\n<li>Ber\u00fccksichtigung der FVA 410 II (h\u00f6here Festigkeiten f\u00fcr kleine Moduln)<\/li>\n\n\n\n<li>FEM-Berechnung einiger Bauteile<\/li>\n<\/ul>\n<\/li>\n\n\n\n<li>Optimierung der Bauteile<\/li>\n\n\n\n<li>Lieferantenauswahl<\/li>\n\n\n\n<li>Beschaffung der Prototypen<\/li>\n\n\n\n<li>Erprobung<\/li>\n\n\n\n<li>Serien\u00fcbergabe<\/li>\n<\/ul>\n\n\n\n<div class=\"wp-block-columns is-layout-flex wp-container-core-columns-is-layout-28f84493 wp-block-columns-is-layout-flex\">\n<div class=\"wp-block-column is-layout-flow wp-block-column-is-layout-flow\" style=\"flex-basis:20%\">\n<p><strong>seit 10 \/ 25<\/strong><\/p>\n<\/div>\n\n\n\n<div class=\"wp-block-column is-layout-flow wp-block-column-is-layout-flow\" style=\"flex-basis:10%\">\n<p class=\"has-text-align-right\"><strong>Firma:<br>Projekt:<br>Rolle:<\/strong><\/p>\n<\/div>\n\n\n\n<div class=\"wp-block-column is-layout-flow wp-block-column-is-layout-flow\" style=\"flex-basis:70%\">\n<p><strong>FAB Bertelmann Technologie<br>Einhebevorrichtung<br>Entwicklungsingenieur<\/strong><\/p>\n<\/div>\n<\/div>\n\n\n\n<p><strong>Konstruktion einer Einhebvorrichtung zur Positionierung von Rohteilen in einem Autoklaven<\/strong><\/p>\n\n\n\n<ul class=\"wp-block-list\">\n<li>Berechnung\n<ul class=\"wp-block-list\">\n<li>erforderliche Klemmkr\u00e4fte<\/li>\n\n\n\n<li>Biegespannungen<\/li>\n\n\n\n<li>Torsionsspannungen<\/li>\n\n\n\n<li>Dauerfestigkeit<\/li>\n\n\n\n<li>Druckfestigkeit<\/li>\n<\/ul>\n<\/li>\n\n\n\n<li>Entwicklung und Konstruktion\n<ul class=\"wp-block-list\">\n<li>3d-CAD<\/li>\n\n\n\n<li>Technische Zeichnungen<\/li>\n\n\n\n<li>St\u00fcckliste<\/li>\n<\/ul>\n<\/li>\n\n\n\n<li>Teilebeschaffung\n<ul class=\"wp-block-list\">\n<li>Lieferantenauswahl<\/li>\n\n\n\n<li>Musterbeschaffung<\/li>\n<\/ul>\n<\/li>\n\n\n\n<li>Montage<\/li>\n\n\n\n<li>Inbetriebnahme<\/li>\n<\/ul>\n\n\n\n<div class=\"wp-block-columns is-layout-flex wp-container-core-columns-is-layout-28f84493 wp-block-columns-is-layout-flex\">\n<div class=\"wp-block-column is-layout-flow wp-block-column-is-layout-flow\" style=\"flex-basis:20%\">\n<p class=\"has-text-align-center\"><strong>09 \/ 2025<\/strong><br><strong>bis<br>10 \/ 2025<\/strong><\/p>\n<\/div>\n\n\n\n<div class=\"wp-block-column is-layout-flow wp-block-column-is-layout-flow\" style=\"flex-basis:10%\">\n<p class=\"has-text-align-right\"><strong>Firma:<\/strong><br><strong>Projekt:<\/strong><br><strong>Rolle:<\/strong><\/p>\n<\/div>\n\n\n\n<div class=\"wp-block-column is-layout-flow wp-block-column-is-layout-flow\" style=\"flex-basis:70%\">\n<p><strong>Ingenieurb\u00fcro Hannweber GmbH<\/strong><br><strong>Retrofit Ladearme<\/strong><br><strong>Entwicklungsingenieur<\/strong><\/p>\n<\/div>\n<\/div>\n\n\n\n<p><strong>\u00dcberarbeitung bestehender Ladearme f\u00fcr Tankfahrzeuge<\/strong><\/p>\n\n\n\n<ul class=\"wp-block-list\">\n<li>Erfassung der Geometrie und Lasten\n<ul class=\"wp-block-list\">\n<li>Ma\u00dfaufnahme vor Ort beim Endkunden<\/li>\n\n\n\n<li>Ermittlung der verwendeten Werkstoffe<\/li>\n\n\n\n<li>Berechnung der Lasten f\u00fcr unterschiedliche Chemikalien<\/li>\n<\/ul>\n<\/li>\n\n\n\n<li>Erstellung der ben\u00f6tigten 3D-Modelle und Zeichnungen<\/li>\n\n\n\n<li>Umsetzung notwendiger Anpassungen<\/li>\n<\/ul>\n\n\n\n<div class=\"wp-block-columns is-layout-flex wp-container-core-columns-is-layout-28f84493 wp-block-columns-is-layout-flex\">\n<div class=\"wp-block-column is-layout-flow wp-block-column-is-layout-flow\" style=\"line-height:1.7;flex-basis:20%\">\n<p class=\"has-text-align-center\"><strong>08 \/ 2025<br>bis<br>09 \/ 2025<\/strong><\/p>\n<\/div>\n\n\n\n<div class=\"wp-block-column is-layout-flow wp-block-column-is-layout-flow\" style=\"line-height:1.7;flex-basis:10%\">\n<p class=\"has-text-align-right\"><strong>Firma:<br>Projekt:<br>Rolle:<\/strong><\/p>\n<\/div>\n\n\n\n<div class=\"wp-block-column is-layout-flow wp-block-column-is-layout-flow\" style=\"line-height:1.7;flex-basis:70%\">\n<p><strong>H+E Produktentwicklung GmbH<br><strong>Mobile Montagevorrichtung<\/strong><br>Entwicklungsingenieur<\/strong><\/p>\n<\/div>\n<\/div>\n\n\n\n<p><strong>Konzept und Entwurf einer Montagevorrichtung f\u00fcr Unwuchtmotoren<\/strong><\/p>\n\n\n\n<ul class=\"wp-block-list\">\n<li>Konzeptentwicklung f\u00fcr Demontage und Montage von Unwuchtmotoren in unterschiedlichen H\u00f6hen und Einbaulagen<\/li>\n\n\n\n<li>Konzept und Entwurf der kompletten Montagevorrichtung<\/li>\n<\/ul>\n\n\n\n<div class=\"wp-block-columns is-layout-flex wp-container-core-columns-is-layout-28f84493 wp-block-columns-is-layout-flex\">\n<div class=\"wp-block-column is-layout-flow wp-block-column-is-layout-flow\" style=\"line-height:1.7;flex-basis:20%\">\n<p class=\"has-text-align-center\"><strong>05 \/ 2025<br>bis<br>07 \/ 2025<\/strong><\/p>\n<\/div>\n\n\n\n<div class=\"wp-block-column is-layout-flow wp-block-column-is-layout-flow\" style=\"line-height:1.7;flex-basis:10%\">\n<p class=\"has-text-align-right\"><strong>Firma:<br>Projekt:<br>Rolle:<\/strong><\/p>\n<\/div>\n\n\n\n<div class=\"wp-block-column is-layout-flow wp-block-column-is-layout-flow\" style=\"line-height:1.7;flex-basis:70%\">\n<p><strong>Carl Zeiss Meditec AG<\/strong><br><strong>Consulting Zahnradauslegung<\/strong><br><strong>Getriebeexperte<\/strong><\/p>\n<\/div>\n<\/div>\n\n\n\n<ul class=\"wp-block-list\">\n<li>Auslegung einer pr\u00e4zisen Stirnradverzahnung f\u00fcr ein System in der Augenchirurgie\n<ul class=\"wp-block-list\">\n<li>Design des Getriebegeh\u00e4uses<\/li>\n\n\n\n<li>Toleranzberechnung f\u00fcr Verzahnungen und Geh\u00e4use<\/li>\n\n\n\n<li>Festlegung der Fertigung<\/li>\n\n\n\n<li>Unterst\u00fctzung der Montage<\/li>\n<\/ul>\n<\/li>\n<\/ul>\n\n\n\n<div class=\"wp-block-columns is-layout-flex wp-container-core-columns-is-layout-28f84493 wp-block-columns-is-layout-flex\">\n<div class=\"wp-block-column is-layout-flow wp-block-column-is-layout-flow\" style=\"line-height:1.7;flex-basis:20%\">\n<p class=\"has-text-align-center\"><strong>10 \/ 2024<br>bis<br>04 \/ 2025<\/strong><\/p>\n<\/div>\n\n\n\n<div class=\"wp-block-column is-layout-flow wp-block-column-is-layout-flow\" style=\"line-height:1.7;flex-basis:10%\">\n<p class=\"has-text-align-right\"><strong>Firma:<br>Projekt:<br>Rolle:<\/strong><\/p>\n<\/div>\n\n\n\n<div class=\"wp-block-column is-layout-flow wp-block-column-is-layout-flow\" style=\"line-height:1.7;flex-basis:70%\">\n<p><strong>Nidec DESCH Antriebstechnik<\/strong><br><strong><strong>Standardisierung von Planetengetrieben<\/strong><\/strong><br><strong>Berechnungsexperte<\/strong><\/p>\n<\/div>\n<\/div>\n\n\n\n<ul class=\"wp-block-list\">\n<li>Vergleichsberechnungen f\u00fcr Abtriebsdrehmomente von 100 kNm bis 1 MNm<\/li>\n\n\n\n<li>Auslegung von Planetenlagerungen mit ausreichender Lebensdauer<\/li>\n\n\n\n<li>Optimierung der Getriebestufen Drehmoment-Volumenverh\u00e4ltnis<\/li>\n\n\n\n<li>Minimierung der Werkzeug- und Teilevielfalt<\/li>\n\n\n\n<li>Untersuchung m\u00f6glicher Leistungssteigerungen durch technologische Ma\u00dfnahmen wie z. B. Gleitschleifen und Festigkeitsstrahlen<\/li>\n\n\n\n<li>Erarbeitung von kosteneffizienten und robusten Fertigungskonzepten<\/li>\n<\/ul>\n\n\n\n<div class=\"wp-block-columns is-layout-flex wp-container-core-columns-is-layout-28f84493 wp-block-columns-is-layout-flex\">\n<div class=\"wp-block-column is-layout-flow wp-block-column-is-layout-flow\" style=\"line-height:1.7;flex-basis:20%\">\n<p class=\"has-text-align-center\"><strong>01 \/ 2024<br>bis<br>03 \/ 2025<\/strong><\/p>\n<\/div>\n\n\n\n<div class=\"wp-block-column is-layout-flow wp-block-column-is-layout-flow\" style=\"line-height:1.7;flex-basis:10%\">\n<p class=\"has-text-align-right\"><strong>Firma:<br>Projekt:<br>Rolle:<\/strong><\/p>\n<\/div>\n\n\n\n<div class=\"wp-block-column is-layout-flow wp-block-column-is-layout-flow\" style=\"line-height:1.7;flex-basis:70%\">\n<p><strong>WaveLight GmbH, ein Unternehmen der Alcon-Gruppe<\/strong><br><strong><strong>WaveLight GmbH, ein Unternehmen der Alcon-Gruppe<\/strong><\/strong><br><strong><strong>Technical Writer<\/strong><\/strong><\/p>\n<\/div>\n<\/div>\n\n\n\n<ul class=\"wp-block-list\">\n<li>Erstellung der Bedienungsanleitung f\u00fcr das UNITY GPS, einem optischen Ger\u00e4t zur Operationsf\u00fchrung in der Augenchirurgie<\/li>\n\n\n\n<li>Sammeln der notwendigen Informationen und Daten<\/li>\n\n\n\n<li>Simulation der Operationsf\u00fchrung am Prototypen<\/li>\n<\/ul>\n\n\n\n<div class=\"wp-block-columns is-layout-flex wp-container-core-columns-is-layout-28f84493 wp-block-columns-is-layout-flex\">\n<div class=\"wp-block-column is-layout-flow wp-block-column-is-layout-flow\" style=\"line-height:1.7;flex-basis:20%\">\n<p class=\"has-text-align-center\"><strong>06 \/ 2023<\/strong><br><strong>bis<br>12 \/ 2023<\/strong><\/p>\n<\/div>\n\n\n\n<div class=\"wp-block-column is-layout-flow wp-block-column-is-layout-flow\" style=\"line-height:1.7;flex-basis:10%\">\n<p class=\"has-text-align-right\"><strong>Firma:<br>Projekt:<br><br>Rolle:<\/strong><\/p>\n<\/div>\n\n\n\n<div class=\"wp-block-column is-layout-flow wp-block-column-is-layout-flow\" style=\"line-height:1.7;flex-basis:70%\">\n<p><strong>Rotax GmbH &amp; Co KG in \u00d6sterreich<br>Entwicklung und Validierung eines Doppelkupplungsgetriebes, Verbesserung der Getriebe<br>Technischer Projektleiter<\/strong><br><\/p>\n<\/div>\n<\/div>\n\n\n\n<ul class=\"wp-block-list\">\n<li style=\"line-height:1.7\">Leitung der Validierung von Getrieben<\/li>\n\n\n\n<li style=\"line-height:1.7\">Definition von Anforderungen und Limits<\/li>\n\n\n\n<li style=\"line-height:1.7\">Planung, Koordination und Durchf\u00fchrung von Versuchen an Komponenten und kompletten Antriebsstr\u00e4ngen<\/li>\n\n\n\n<li style=\"line-height:1.7\">Erarbeiten von Vorschl\u00e4gen zur Verbesserung des Designs sowie deren Umsetzung<\/li>\n\n\n\n<li style=\"line-height:1.7\">Zusammenarbeit mit den Fachabteilungen Kalibrierung und Softwareentwicklung<\/li>\n<\/ul>\n\n\n<div class=\"wp-block-ub-divider ub_divider ub-divider-orientation-horizontal\" id=\"ub_divider_0a7b45d6-2e06-46c6-a036-a6fcaab2a1a0\"><div class=\"ub_divider_wrapper\" style=\"position: relative; margin-bottom: 2px; width: 20%; height: 2px; \" data-divider-alignment=\"center\"><div class=\"ub_divider_line\" style=\"border-top: 2px solid #ccc; margin-top: 2px; \"><\/div><\/div><\/div>\n\n\n<div class=\"wp-block-columns is-layout-flex wp-container-core-columns-is-layout-28f84493 wp-block-columns-is-layout-flex\">\n<div class=\"wp-block-column is-layout-flow wp-block-column-is-layout-flow\" style=\"line-height:1.7;flex-basis:20%\">\n<p class=\"has-text-align-center\"><strong>07 \/ 2019<br>bis<br>04 \/ 2023<\/strong><\/p>\n<\/div>\n\n\n\n<div class=\"wp-block-column is-layout-flow wp-block-column-is-layout-flow\" style=\"line-height:1.7;flex-basis:10%\">\n<p class=\"has-text-align-right\"><strong>Firma:<br><br>Rolle:<\/strong><\/p>\n<\/div>\n\n\n\n<div class=\"wp-block-column is-layout-flow wp-block-column-is-layout-flow\" style=\"line-height:1.7;flex-basis:70%\">\n<p><strong>Hycet Transmission Technology Hebei Co., Ltd, China,<br>ein Unternehmen der Great Wall Motors Gruppe<\/strong> <br><strong>Experte f\u00fcr Verzahnungsberechnungen und Softwareentwicklung<\/strong><br><\/p>\n<\/div>\n<\/div>\n\n\n\n<ul class=\"wp-block-list\">\n<li style=\"line-height:1.7\">Auslegung und Berechnung von\n<ul class=\"wp-block-list\">\n<li>Planetenrads\u00e4tzen f\u00fcr ein neues 9-Gang-Automatikgetriebe<\/li>\n\n\n\n<li>Stirnrads\u00e4tzen f\u00fcr ein neues 9-Gang-Doppelkupplungsgetriebe<\/li>\n\n\n\n<li>Stufenplanetenrads\u00e4tzen f\u00fcr ein E-Achengetriebe mit integriertem Differential<\/li>\n\n\n\n<li>Kegelrads\u00e4tzen f\u00fcr Differentialgetriebe<\/li>\n<\/ul>\n<\/li>\n\n\n\n<li style=\"line-height:1.7\">Ermittlung \/ Berechnung von Lastkollektiven f\u00fcr verschiedene Getriebeprojekte<\/li>\n\n\n\n<li style=\"line-height:1.7\">Erstellung einer Richtlinie zur Verzahnungsauslegung und -berechnung<\/li>\n\n\n\n<li style=\"line-height:1.7\">Entwicklung einer Software zur\n<ul class=\"wp-block-list\">\n<li>Radsatzdimensionierung nach Last, Achsabstand und anderen geometrischen Gr\u00f6\u00dfen<\/li>\n\n\n\n<li>Radsatzberechnung<\/li>\n\n\n\n<li>Radsatzoptimierung<\/li>\n<\/ul>\n<\/li>\n<\/ul>\n\n\n<div class=\"wp-block-ub-divider ub_divider ub-divider-orientation-horizontal\" id=\"ub_divider_7da45505-6915-476a-b31b-a9dd3cd28e96\"><div class=\"ub_divider_wrapper\" style=\"position: relative; margin-bottom: 2px; width: 20%; height: 2px; \" data-divider-alignment=\"center\"><div class=\"ub_divider_line\" style=\"border-top: 2px solid #ccc; margin-top: 2px; \"><\/div><\/div><\/div>\n\n\n<div class=\"wp-block-columns is-layout-flex wp-container-core-columns-is-layout-28f84493 wp-block-columns-is-layout-flex\">\n<div class=\"wp-block-column is-layout-flow wp-block-column-is-layout-flow\" style=\"line-height:1.7;flex-basis:20%\">\n<p class=\"has-text-align-center\" style=\"line-height:1.7\"><strong>01 \/ 2019<br>bis<br>06 \/ 2019<\/strong><\/p>\n<\/div>\n\n\n\n<div class=\"wp-block-column is-layout-flow wp-block-column-is-layout-flow\" style=\"line-height:1.7;flex-basis:10%\">\n<p class=\"has-text-align-right\" style=\"line-height:1.7\"><strong>Firma:<\/strong><br><strong>Projekt:<br><br>Rolle:<\/strong><\/p>\n<\/div>\n\n\n\n<div class=\"wp-block-column is-layout-flow wp-block-column-is-layout-flow\" style=\"line-height:1.7;flex-basis:70%\">\n<p style=\"line-height:1.7\"><strong>Valeo Siemens GmbH<br>Entwicklung von Berechnungsmethoden und -vorgaben zur Verzahnungsgestaltung f\u00fcr Planetengetriebe<br>Entwicklungsingenieur<\/strong><br><\/p>\n<\/div>\n<\/div>\n\n\n\n<ul class=\"wp-block-list\">\n<li style=\"line-height:1.7\">Berechnungsanalysen zu einem Getriebe f\u00fcr E-Achsen<\/li>\n\n\n\n<li style=\"line-height:1.7\">Durchf\u00fchrung von Versuchen intern und extern zur Verbesserung des Wirkungsgrads<\/li>\n\n\n\n<li style=\"line-height:1.7\">Schulung der Entwicklungsabteilung in Verzahnungsauslegung, -berechnung und -gestaltung<\/li>\n<\/ul>\n\n\n<div class=\"wp-block-ub-divider ub_divider ub-divider-orientation-horizontal\" id=\"ub_divider_7e96d812-2585-420a-9838-d52af93e23a7\"><div class=\"ub_divider_wrapper\" style=\"position: relative; margin-bottom: 2px; width: 20%; height: 2px; \" data-divider-alignment=\"center\"><div class=\"ub_divider_line\" style=\"border-top: 2px solid #ccc; margin-top: 2px; \"><\/div><\/div><\/div>\n\n\n<div class=\"wp-block-columns is-layout-flex wp-container-core-columns-is-layout-28f84493 wp-block-columns-is-layout-flex\">\n<div class=\"wp-block-column is-layout-flow wp-block-column-is-layout-flow\" style=\"line-height:1.7;flex-basis:20%\">\n<p class=\"has-text-align-center\"><strong>01 \/ 2017<br>bis<br>12 \/ 2018<\/strong><\/p>\n<\/div>\n\n\n\n<div class=\"wp-block-column is-layout-flow wp-block-column-is-layout-flow\" style=\"line-height:1.7;flex-basis:10%\">\n<p class=\"has-text-align-right\"><strong>Firma:<br>Projekt:<\/strong><br><strong><br>Rolle:<\/strong><\/p>\n<\/div>\n\n\n\n<div class=\"wp-block-column is-layout-flow wp-block-column-is-layout-flow\" style=\"line-height:1.7;flex-basis:70%\">\n<p><strong>Schaeffler AG<\/strong><br><strong>Entwicklung von Berechnungsmethoden und -vorgaben zur Verzahnungsgestaltung f\u00fcr Planetengetriebe<\/strong><br><strong>Entwicklungsingenieur<\/strong><br><\/p>\n<\/div>\n<\/div>\n\n\n\n<ul style=\"line-height:1.7\" class=\"wp-block-list\">\n<li>Erstellung komplexer Berechnungsanalysen und Durchf\u00fchrung von Wettbewerbsanalysen im Projekt \u201ePlanetenrads\u00e4tze und Differentiale\u201c zur serienreifen Einf\u00fchrung von Verzahnungsbauteilen f\u00fcr Planetengetriebe und Differentiale<\/li>\n<\/ul>\n\n\n\n<ul style=\"line-height:1.7\" class=\"wp-block-list\">\n<li>Erstellung eines Konzepts zur Berechnung der Verzahnungsauslegung mit FVA-Programmen, KissSoft und BearinX<\/li>\n\n\n\n<li>Erstellung eines Optimierungsplanes der Verzahnungskomponenten hinsichtlich Funktion, Herstellung und Kosten<\/li>\n\n\n\n<li>Erstellung einer IST-Analyse zur Teilebeschaffung, Bemusterung und Pr\u00fcfung<\/li>\n\n\n\n<li>Durchf\u00fchrung von Wettbewerbs- und Benchmarkanalysen<\/li>\n\n\n\n<li>Erstellung einer ausf\u00fchrlichen technischen Dokumentation<\/li>\n<\/ul>\n\n\n<div class=\"wp-block-ub-divider ub_divider ub-divider-orientation-horizontal\" id=\"ub_divider_bfb2e958-4836-49e2-a66d-29bf6d3b61f2\"><div class=\"ub_divider_wrapper\" style=\"position: relative; margin-bottom: 2px; width: 20%; height: 2px; \" data-divider-alignment=\"center\"><div class=\"ub_divider_line\" style=\"border-top: 2px solid #ccc; margin-top: 2px; \"><\/div><\/div><\/div>\n\n\n<div class=\"wp-block-columns is-layout-flex wp-container-core-columns-is-layout-28f84493 wp-block-columns-is-layout-flex\">\n<div class=\"wp-block-column is-layout-flow wp-block-column-is-layout-flow\" style=\"line-height:1.7;flex-basis:20%\">\n<p class=\"has-text-align-center\"><strong>03 \/ 2016<br>bis<br>01 \/ 2017<\/strong><\/p>\n<\/div>\n\n\n\n<div class=\"wp-block-column is-layout-flow wp-block-column-is-layout-flow\" style=\"line-height:1.7;flex-basis:10%\">\n<p class=\"has-text-align-right\"><strong>Firma:<br>Projekt:<\/strong><br><strong><br>Rolle:<\/strong><\/p>\n<\/div>\n\n\n\n<div class=\"wp-block-column is-layout-flow wp-block-column-is-layout-flow\" style=\"line-height:1.7;flex-basis:70%\">\n<p><strong>NGC Europe GmbH<br>Entwicklung eines 6 MW Offshore Hauptgetriebes f\u00fcr die Windenergie<br>Entwicklungsingenieur<\/strong><\/p>\n<\/div>\n<\/div>\n\n\n\n<p style=\"line-height:1.7\">Projektleitung, Design und Berechnung f\u00fcr ein neues Getriebekonzept<\/p>\n\n\n\n<ul class=\"wp-block-list\">\n<li style=\"line-height:1.7\">Entw\u00fcrfe mit NX10 als 3D-Modelle<\/li>\n\n\n\n<li style=\"line-height:1.7\">Berechnung der Verzahnungen mit KissSoft<\/li>\n\n\n\n<li style=\"line-height:1.7\">Kl\u00e4rung der Kundenanforderungen<\/li>\n\n\n\n<li style=\"line-height:1.7\">Suche von Lieferanten in China<\/li>\n\n\n\n<li style=\"line-height:1.7\">Beauftragung externer Dienstleister f\u00fcr Teilprojekte<\/li>\n<\/ul>\n\n\n\n<p style=\"line-height:1.7\">Technische Verantwortung f\u00fcr ein Kundenprojekt<\/p>\n\n\n\n<ul class=\"wp-block-list\">\n<li style=\"line-height:1.7\">Design<\/li>\n\n\n\n<li style=\"line-height:1.7\">Mitarbeit bei der FMEA<\/li>\n\n\n\n<li style=\"line-height:1.7\">Kl\u00e4rung von Abweichungen<\/li>\n\n\n\n<li style=\"line-height:1.7\">Durchf\u00fchrung und Betreuung von Verzahnungsberechnungen<\/li>\n\n\n\n<li style=\"line-height:1.7\">Betreuung von Finite Elemente Berechnungen<\/li>\n\n\n\n<li style=\"line-height:1.7\">Kl\u00e4rung von Lieferantenanfragen<\/li>\n\n\n\n<li style=\"line-height:1.7\">Concept Design Reviews in China<\/li>\n\n\n\n<li style=\"line-height:1.7\">Kundenbetreuung<\/li>\n\n\n\n<li style=\"line-height:1.7\">Mehrere Aufenthalte in Nanjing\/China<\/li>\n<\/ul>\n\n\n<div class=\"wp-block-ub-divider ub_divider ub-divider-orientation-horizontal\" id=\"ub_divider_0d810113-8540-4bf0-9936-630923150854\"><div class=\"ub_divider_wrapper\" style=\"position: relative; margin-bottom: 2px; width: 20%; height: 2px; \" data-divider-alignment=\"center\"><div class=\"ub_divider_line\" style=\"border-top: 2px solid #ccc; margin-top: 2px; \"><\/div><\/div><\/div>\n\n\n<div class=\"wp-block-columns is-layout-flex wp-container-core-columns-is-layout-28f84493 wp-block-columns-is-layout-flex\">\n<div class=\"wp-block-column is-layout-flow wp-block-column-is-layout-flow\" style=\"line-height:1.7;flex-basis:20%\">\n<p class=\"has-text-align-center\" style=\"line-height:1.7\"><strong>03 \/ 2016<br>bis<br>01 \/ 2017<\/strong><\/p>\n<\/div>\n\n\n\n<div class=\"wp-block-column is-layout-flow wp-block-column-is-layout-flow\" style=\"line-height:1.7;flex-basis:10%\">\n<p class=\"has-text-align-right\" style=\"line-height:1.7\"><strong>Firma:<br>Projekt:<\/strong><strong><br>Rolle:<\/strong><\/p>\n<\/div>\n\n\n\n<div class=\"wp-block-column is-layout-flow wp-block-column-is-layout-flow\" style=\"line-height:1.7;flex-basis:70%\">\n<p style=\"line-height:1.7\"><strong>Mit CREADIS f\u00fcr einen vertraulichen Kunden<br>Konzepte f\u00fcr mehrere Triebstrangschnittstellen<br>Spezialist<\/strong><\/p>\n<\/div>\n<\/div>\n\n\n\n<p style=\"line-height:1.7\">Konzepte f\u00fcr die Schnittstellen zwischen Hauptlager, Hauptwelle und Getriebe<\/p>\n\n\n\n<ul style=\"line-height:1.7\" class=\"wp-block-list\">\n<li>Erstellung der Requirement List (Pflichtenheft)<\/li>\n\n\n\n<li>Ermittlung der Funktionen und deren Strukturen<\/li>\n\n\n\n<li>Suche nach allen denkbaren L\u00f6sungsm\u00f6glichkeiten<\/li>\n\n\n\n<li>Gliederung in realisierbare Module<\/li>\n\n\n\n<li>Erste Entw\u00fcrfe zur Berechnung<\/li>\n\n\n\n<li>Berechnungen mit unterschiedlichen Werkzeugen<\/li>\n\n\n\n<li>Bewertung und Auswahl der besten L\u00f6sungen<\/li>\n\n\n\n<li>Detaillierung<\/li>\n\n\n\n<li>Design-FMEA<\/li>\n<\/ul>\n\n\n<div class=\"wp-block-ub-divider ub_divider ub-divider-orientation-horizontal\" id=\"ub_divider_7c2fd0c1-ec1a-4272-9596-e5a990ecae40\"><div class=\"ub_divider_wrapper\" style=\"position: relative; margin-bottom: 2px; width: 20%; height: 2px; \" data-divider-alignment=\"center\"><div class=\"ub_divider_line\" style=\"border-top: 2px solid #ccc; margin-top: 2px; \"><\/div><\/div><\/div>\n\n\n<div class=\"wp-block-columns is-layout-flex wp-container-core-columns-is-layout-28f84493 wp-block-columns-is-layout-flex\">\n<div class=\"wp-block-column is-layout-flow wp-block-column-is-layout-flow\" style=\"line-height:1.7;flex-basis:20%\">\n<p class=\"has-text-align-center\"><strong>03 \/ 2012<br>bis<br>09 \/ 2015<\/strong><\/p>\n<\/div>\n\n\n\n<div class=\"wp-block-column is-layout-flow wp-block-column-is-layout-flow\" style=\"line-height:1.7;flex-basis:10%\">\n<p class=\"has-text-align-right\"><strong>Firma:<br>Projekt:<\/strong><strong><br>Rolle:<\/strong><\/p>\n<\/div>\n\n\n\n<div class=\"wp-block-column is-layout-flow wp-block-column-is-layout-flow\" style=\"line-height:1.7;flex-basis:70%\">\n<p><strong>Zeiss SMT GmbH<br>Vakuumhauptkammer f\u00fcr die Halbleiterindustrie<br>Projektleiter, Spezialist<\/strong><br><\/p>\n<\/div>\n<\/div>\n\n\n\n<p style=\"line-height:1.7\">Projektleitung und Objektverantwortung f\u00fcr die Neuentwicklung, Konstruktion und Fertigung von<\/p>\n\n\n\n<ul class=\"wp-block-list\">\n<li style=\"line-height:1.7\">Vakuumhauptkammer<\/li>\n\n\n\n<li style=\"line-height:1.7\">Schwingungsisolatoren<\/li>\n\n\n\n<li style=\"line-height:1.7\">Kammerinnengestell zur Aufnahme der optischen Apparate<\/li>\n\n\n\n<li style=\"line-height:1.7\">Plattenk\u00fchler<\/li>\n\n\n\n<li style=\"line-height:1.7\">Energie- und Medienversorgung<\/li>\n\n\n\n<li style=\"line-height:1.7\">Kammerf\u00fc\u00dfe<\/li>\n\n\n\n<li style=\"line-height:1.7\">Erdbebensicherung<\/li>\n<\/ul>\n\n\n\n<p style=\"line-height:1.7\">Erstellung der Projektpl\u00e4ne hinsichtlich<\/p>\n\n\n\n<ul class=\"wp-block-list\">\n<li style=\"line-height:1.7\">Zeit<\/li>\n\n\n\n<li style=\"line-height:1.7\">Ressourcen<\/li>\n\n\n\n<li style=\"line-height:1.7\">Meilensteine<\/li>\n<\/ul>\n\n\n\n<p style=\"line-height:1.7\">Auswahl und Betreuung externer Lieferanten zur Fertigung und Einkauf der Komponenten;<br>\u00dcberwachung der Zeitpl\u00e4ne, Meilensteine und Kostenziele;<br>Bei Abweichungen Entwicklung von Ma\u00dfnahmen zur Wiederherstellung der Termin- und \/ oder Kostenziele sowie mit dem Werkzeug 8D-Report Fehlerabstellung sicherstellen;<br>Erstellung der Spezifikationen f\u00fcr die verantworteten Komponenten;<br>Anleitung und Unterst\u00fctzung von Konstrukteuren bei der Entwicklung und Konstruktion;<\/p>\n\n\n\n<p style=\"line-height:1.7\">Mitarbeit als Spezialist bei<\/p>\n\n\n\n<ul class=\"wp-block-list\">\n<li style=\"line-height:1.7\">Spezifizierung der Vakuumhauptkammer, Isolatoren und Plattenk\u00fchler<\/li>\n\n\n\n<li style=\"line-height:1.7\">Pflichtenhefterstellung f\u00fcr die Lieferanten<\/li>\n\n\n\n<li style=\"line-height:1.7\">Lieferantenentwicklung<\/li>\n\n\n\n<li style=\"line-height:1.7\">Lieferantenunterst\u00fctzung<\/li>\n\n\n\n<li style=\"line-height:1.7\">Auswahl von Kunststoffen f\u00fcr Dichtung, Isolierung und Medienleitungen bez\u00fcglich Vakuumeignung, Reinheit, Bearbeitbarkeit und Langzeitstabilit\u00e4t<\/li>\n\n\n\n<li style=\"line-height:1.7\">Entwicklung von Reinigungsprozessen f\u00fcr neu entwickelte Kunststoffteile<\/li>\n\n\n\n<li style=\"line-height:1.7\">Toleranzberechnung zur genauen Positionierung der optischen Ger\u00e4te in der Vakuumkammer<\/li>\n\n\n\n<li style=\"line-height:1.7\">Erstellung von Arbeitsanweisungen f\u00fcr Montage, Inbetriebnahme und Kalibrierung<\/li>\n\n\n\n<li style=\"line-height:1.7\">Erstellung von Kalibriervorschriften<\/li>\n\n\n\n<li style=\"line-height:1.7\">Inbetriebnahme<\/li>\n\n\n\n<li style=\"line-height:1.7\">Kalibrierung von Sensoren unterschiedlichster Art<\/li>\n<\/ul>\n\n\n<div class=\"wp-block-ub-divider ub_divider ub-divider-orientation-horizontal\" id=\"ub_divider_28c84350-2609-4460-98a9-57e7bed8a3e5\"><div class=\"ub_divider_wrapper\" style=\"position: relative; margin-bottom: 2px; width: 20%; height: 2px; \" data-divider-alignment=\"center\"><div class=\"ub_divider_line\" style=\"border-top: 2px solid #ccc; margin-top: 2px; \"><\/div><\/div><\/div>\n\n\n<div class=\"wp-block-columns is-layout-flex wp-container-core-columns-is-layout-28f84493 wp-block-columns-is-layout-flex\">\n<div class=\"wp-block-column is-layout-flow wp-block-column-is-layout-flow\" style=\"line-height:1.7;flex-basis:20%\">\n<p class=\"has-text-align-center\"><strong>07 \/ 2010<br>bis<br>01 \/ 2012<\/strong><\/p>\n<\/div>\n\n\n\n<div class=\"wp-block-column is-layout-flow wp-block-column-is-layout-flow\" style=\"line-height:1.7;flex-basis:10%\">\n<p class=\"has-text-align-right\"><strong>Firma:<br>Projekt:<\/strong><strong><br>Rolle:<\/strong><\/p>\n<\/div>\n\n\n\n<div class=\"wp-block-column is-layout-flow wp-block-column-is-layout-flow\" style=\"line-height:1.7;flex-basis:70%\">\n<p><strong>Brevini Wind Deutschland GmbH<br>Windkraftgetriebe WWD-3 und WWD-1<br>Projektleiter, Entwicklungsingenieur<\/strong><br><\/p>\n<\/div>\n<\/div>\n\n\n\n<p style=\"line-height:1.7\">Projektleitung bei der Entwicklung von zwei Hauptgetrieben (3,5 und 1,15 Megawatt) f\u00fcr Windenergieanlagen<\/p>\n\n\n\n<ul style=\"line-height:1.7\" class=\"wp-block-list\">\n<li>Abstimmung der technischen Inhalte mit den Kunden<\/li>\n\n\n\n<li>Pflichtenhefterstellung und -pflege<\/li>\n\n\n\n<li>\u00dcberarbeitung der Entwicklung f\u00fcr das 3,5 MW-Getriebe<\/li>\n\n\n\n<li>Leitung der kompletten Entwicklung f\u00fcr das 1,5 MW-Getriebe<\/li>\n\n\n\n<li>Mitarbeit bei den FMEA f\u00fcr beide Getriebe<\/li>\n\n\n\n<li>Entwicklung der \u00d6lversorgung mit Unigraphics 7 in Zusammenarbeit mit dem Kunden f\u00fcr das<br>3,5 MW-Getriebe<\/li>\n\n\n\n<li>Entwicklung des Dichtungskonzepts mit Kunststoffen f\u00fcr eine Lebensdauer von 20 Jahren ohne Austausch<\/li>\n\n\n\n<li>Validierung der Getriebebauteile f\u00fcr die Zertifizierung<\/li>\n\n\n\n<li>Zertifizierung des 1,5 MW-Getriebes beim Det Norsk Veritas (DNV)<\/li>\n\n\n\n<li>Zertifizierung des 3,5 MW-Getriebes beim Germanischen Lloyd (GL)<\/li>\n\n\n\n<li>Erstellung der Betriebsanleitungen<\/li>\n\n\n\n<li>Konstruktion Planetentr\u00e4ger mit Unigraphics 7<\/li>\n\n\n\n<li>Mitarbeit bei Planung und Durchf\u00fchrung der Probel\u00e4ufe<\/li>\n\n\n\n<li>Unterst\u00fctzung der Fertigung bei der Montage der Prototypen<\/li>\n\n\n\n<li>Entwicklung neuer Lagerkonzepte f\u00fcr die Planetenlager<\/li>\n\n\n\n<li>Erarbeitung der Vorgaben zum Gleitschleifen von Verzahnungen<\/li>\n\n\n\n<li>Toleranzberechnung zur Sicherstellung der Montierbarkeit der Getriebebauteile<\/li>\n\n\n\n<li>Untersuchung der Verbindungen Hohlrad-Geh\u00e4use und Hohlrad-Drehmomentst\u00fctze<\/li>\n\n\n\n<li>Entwicklung der elektrischen Isolierung zwischen Getriebe und Generator mit Kunststoff- und Keramikteilen<\/li>\n<\/ul>\n\n\n<div class=\"wp-block-ub-divider ub_divider ub-divider-orientation-horizontal\" id=\"ub_divider_970cab1e-6316-41ce-ba28-26e427cb1cf7\"><div class=\"ub_divider_wrapper\" style=\"position: relative; margin-bottom: 2px; width: 20%; height: 2px; \" data-divider-alignment=\"center\"><div class=\"ub_divider_line\" style=\"border-top: 2px solid #ccc; margin-top: 2px; \"><\/div><\/div><\/div>\n\n\n<div class=\"wp-block-columns is-layout-flex wp-container-core-columns-is-layout-28f84493 wp-block-columns-is-layout-flex\">\n<div class=\"wp-block-column is-layout-flow wp-block-column-is-layout-flow\" style=\"line-height:1.7;flex-basis:20%\">\n<p class=\"has-text-align-center\"><strong>01 \/ 2010<br>bis<br>06 \/ 2010<\/strong><\/p>\n<\/div>\n\n\n\n<div class=\"wp-block-column is-layout-flow wp-block-column-is-layout-flow\" style=\"line-height:1.7;flex-basis:10%\">\n<p class=\"has-text-align-right\"><strong>Firma:<br>Projekt:<\/strong><strong><br>Rolle:<\/strong><\/p>\n<\/div>\n\n\n\n<div class=\"wp-block-column is-layout-flow wp-block-column-is-layout-flow\" style=\"line-height:1.7;flex-basis:70%\">\n<p><strong>Adam Opel GmbH R\u00fcsselsheim<br>Technical Resident Consultant<br>Spezialist<\/strong><\/p>\n<\/div>\n<\/div>\n\n\n\n<p style=\"line-height:1.7\">Aufgaben und Verantwortung:<\/p>\n\n\n\n<ul class=\"wp-block-list\">\n<li>Technische Verantwortung f\u00fcr Getriebewellen, -lager und -verzahnungen<\/li>\n\n\n\n<li>Mitarbeit bei der Fertigstellung eines neuen 6-Gang-Getriebes f\u00fcr kleinere PKW in der Getriebeentwicklung<\/li>\n\n\n\n<li>Untersuchungen zum Festigkeits- und H\u00e4rteverlauf in einsatzgeh\u00e4rteten Getriebewellen in Zusammenarbeit mit den Werkstofflaboren in Deutschland und den USA sowie der Abteilung FEM<\/li>\n\n\n\n<li>Toleranzbetrachtungen zu den Getriebebauteilen im Geh\u00e4use unter Verwendung von ProE<\/li>\n\n\n\n<li>Validierung der Getriebebauteile f\u00fcr das 6-Gang-Getriebe bez\u00fcglich Einhaltung der Gestaltungsrichtlinien (\u201cArchitecture Summary\u201d) zum Getriebe\n<ul class=\"wp-block-list\">\n<li>Bauteilgeometrie<\/li>\n\n\n\n<li>Toleranzberechnungen zu den Getriebebauteilen im Geh\u00e4use<\/li>\n\n\n\n<li>Dauerfestigkeit und Statische Festigkeit der Wellen<\/li>\n\n\n\n<li>Zul\u00e4ssigkeit der ganzzahlig teilbaren Z\u00e4hnezahlen (hunting ratios)<\/li>\n\n\n\n<li>Fertigungsvorgaben<\/li>\n<\/ul>\n<\/li>\n\n\n\n<li>Zusammenfassung und Pr\u00e4sentation der Ergebnisse (DRD) zur Genehmigung durch das Management.<\/li>\n\n\n\n<li>Berechnung und Gestaltung der Getriebewellen in Zusammenarbeit mit Konstruktion und Abteilung FEM<\/li>\n\n\n\n<li>Erstellung von allgemeinen Gestaltungsrichtlinien (BoD = Bill of Design) zur\n<ul class=\"wp-block-list\">\n<li>Gestaltung und Berechnung von Getriebewellen<\/li>\n\n\n\n<li>Berechnung von Sicherungsringen<\/li>\n<\/ul>\n<\/li>\n<\/ul>\n\n\n<div class=\"wp-block-ub-divider ub_divider ub-divider-orientation-horizontal\" id=\"ub_divider_574e04c6-c422-44a2-a7bf-7e6e42eb82e9\"><div class=\"ub_divider_wrapper\" style=\"position: relative; margin-bottom: 2px; width: 20%; height: 2px; \" data-divider-alignment=\"center\"><div class=\"ub_divider_line\" style=\"border-top: 2px solid #ccc; margin-top: 2px; \"><\/div><\/div><\/div>\n\n\n<div class=\"wp-block-columns is-layout-flex wp-container-core-columns-is-layout-28f84493 wp-block-columns-is-layout-flex\">\n<div class=\"wp-block-column is-layout-flow wp-block-column-is-layout-flow\" style=\"line-height:1.7;flex-basis:20%\">\n<p class=\"has-text-align-center\"><strong>06 \/ 2008<br>bis<br>12 \/ 2009<\/strong><\/p>\n<\/div>\n\n\n\n<div class=\"wp-block-column is-layout-flow wp-block-column-is-layout-flow\" style=\"line-height:1.7;flex-basis:10%\">\n<p class=\"has-text-align-right\"><br><strong>Firma:<br>Rolle:<\/strong><\/p>\n<\/div>\n\n\n\n<div class=\"wp-block-column is-layout-flow wp-block-column-is-layout-flow\" style=\"line-height:1.7;flex-basis:70%\">\n<p><br><strong>LWN Lufttechnik GmbH<br>Technischer Leiter<\/strong><\/p>\n<\/div>\n<\/div>\n\n\n\n<p style=\"line-height:1.7\">Leitung der Entwicklung und Konstruktion von Industrieventilatoren im Leistungsbereich<br>von 7,5 bis 315 kW<\/p>\n\n\n\n<ul style=\"line-height:1.7\" class=\"wp-block-list\">\n<li>Eigene Konstruktionen von Ventilatoren mit Inventor 2007 &#8211; 2009 erstellt<\/li>\n\n\n\n<li>Sp\u00e4ter zus\u00e4tzlich Leitung der Ventilatorenfertigung \u00fcbernommen<\/li>\n<\/ul>\n\n\n\n<p style=\"line-height:1.7\">Erfolge:<\/p>\n\n\n\n<ul class=\"wp-block-list\">\n<li style=\"line-height:1.7\">Integration mehrerer Ventilatorbaureihen aus einem Firmenaufkauf in&nbsp; die Entwicklung und Produktion<\/li>\n\n\n\n<li style=\"line-height:1.7\">Erhebliche Kostenreduzierungen durch konstruktive Verbesserungen an den Ventilatoren<\/li>\n\n\n\n<li style=\"line-height:1.7\">Planung, Konstruktion und Realisierung eines saugseitigen Kammerpr\u00fcfstands zur Weiterentwicklung und kundenseitigen Abnahme der produzierten Ventilatoren<\/li>\n\n\n\n<li style=\"line-height:1.7\">Reduzierung der Fertigungszeiten durch Erneuerung der Personalstruktur in der Fertigung, Qualifizierung der Mitarbeiter und Erneuerung der Fertigungsabl\u00e4ufe<\/li>\n<\/ul>\n\n\n<div class=\"wp-block-ub-divider ub_divider ub-divider-orientation-horizontal\" id=\"ub_divider_872f3bfd-76e9-4a93-8e42-90936b1d356d\"><div class=\"ub_divider_wrapper\" style=\"position: relative; margin-bottom: 2px; width: 20%; height: 2px; \" data-divider-alignment=\"center\"><div class=\"ub_divider_line\" style=\"border-top: 2px solid #ccc; margin-top: 2px; \"><\/div><\/div><\/div>\n\n\n<div class=\"wp-block-columns is-layout-flex wp-container-core-columns-is-layout-28f84493 wp-block-columns-is-layout-flex\">\n<div class=\"wp-block-column is-layout-flow wp-block-column-is-layout-flow\" style=\"line-height:1.7;flex-basis:20%\">\n<p class=\"has-text-align-center\"><strong>09 \/ 2005<br>bis<br>06 \/ 2008<\/strong><\/p>\n<\/div>\n\n\n\n<div class=\"wp-block-column is-layout-flow wp-block-column-is-layout-flow\" style=\"line-height:1.7;flex-basis:10%\">\n<p class=\"has-text-align-right\"><br><strong>Firma:<br>Rolle:<\/strong><\/p>\n<\/div>\n\n\n\n<div class=\"wp-block-column is-layout-flow wp-block-column-is-layout-flow\" style=\"line-height:1.7;flex-basis:70%\">\n<p style=\"line-height:1.7\"><br><strong>GKN Walterscheid GmbH<br>Konstruktions- und Entwicklungsleiter<\/strong><\/p>\n<\/div>\n<\/div>\n\n\n\n<p style=\"line-height:1.7\">Verantwortung f\u00fcr die Entwicklung und Konstruktion von Antriebsl\u00f6sungen f\u00fcr die Landmaschinentechnik. <br>Mitgestaltung von Unternehmensprozessen, Lieferantenauswahl und Kundenbetreuung; damit verbunden h\u00e4ufige Dienstreisen nach Irland, Belgien und D\u00e4nemark, Lieferantenauswahl und -betreuung in Indien.<\/p>\n\n\n\n<p>Erfolge:<\/p>\n\n\n\n<ul class=\"wp-block-list\">\n<li style=\"line-height:1.7\">Entwicklung eines vollkommen neuen Hauptgetriebes f\u00fcr einen M\u00e4hdrescher, welches als \u00dcberlagerungsgetriebe die stufenlose Drehzahlregulierung der Dreschtrommel unabh\u00e4ngig von der Motordrehzahl zul\u00e4sst, was eine deutliche Verbesserung der Ernteergebnisse bedeutet<\/li>\n\n\n\n<li style=\"line-height:1.7\">Senkung der Produktionskosten f\u00fcr bestehende Getriebe von bis zu 26,4 %<\/li>\n\n\n\n<li style=\"line-height:1.7\">Outsourcing von hochwertigen Getriebeteilen nach Indien \u2013 mit einer Kostenreduktion <br>um 55 %<\/li>\n<\/ul>\n\n\n<div class=\"wp-block-ub-divider ub_divider ub-divider-orientation-horizontal\" id=\"ub_divider_986e7449-a454-4347-9b29-0ea2c932188b\"><div class=\"ub_divider_wrapper\" style=\"position: relative; margin-bottom: 2px; width: 20%; height: 2px; \" data-divider-alignment=\"center\"><div class=\"ub_divider_line\" style=\"border-top: 2px solid #ccc; margin-top: 2px; \"><\/div><\/div><\/div>\n\n\n<div class=\"wp-block-columns is-layout-flex wp-container-core-columns-is-layout-28f84493 wp-block-columns-is-layout-flex\">\n<div class=\"wp-block-column is-layout-flow wp-block-column-is-layout-flow\" style=\"line-height:1.7;flex-basis:20%\">\n<p class=\"has-text-align-center\" style=\"line-height:1.7\"><strong>04 \/ 2002<br>bis<br>08 \/ 2005<\/strong><\/p>\n<\/div>\n\n\n\n<div class=\"wp-block-column is-layout-flow wp-block-column-is-layout-flow\" style=\"line-height:1.7;flex-basis:10%\">\n<p class=\"has-text-align-right\" style=\"line-height:1.7\"><br><strong>Firma:<br>Rolle:<\/strong><\/p>\n<\/div>\n\n\n\n<div class=\"wp-block-column is-layout-flow wp-block-column-is-layout-flow\" style=\"line-height:1.7;flex-basis:70%\">\n<p style=\"line-height:1.7\"><br><strong>Nordex Energy GmbH<br>Stellvertretender Abteilungsleiter, Getriebespezialist<\/strong><\/p>\n<\/div>\n<\/div>\n\n\n\n<p style=\"line-height:1.7\">Verantwortung f\u00fcr die Entwicklung des gesamten Triebstrangs sowie aller antriebstechnischen Ger\u00e4te vom Konzept an \u00fcber Entwicklung und Versuch bis zur \u00dcbergabe in die Serie.<\/p>\n\n\n\n<p>Erfolge:<\/p>\n\n\n\n<ul style=\"line-height:1.7\" class=\"wp-block-list\">\n<li>Konzipierung und Entwicklung zweier vollkommen neuer Getriebebauarten f\u00fcr die Megawattklasse der Windkraftanlagen\n<ul class=\"wp-block-list\">\n<li>Zulassung durch den Germanischen Lloyd<\/li>\n\n\n\n<li>Erprobung und Serieneinf\u00fchrung<\/li>\n\n\n\n<li>Steigerung der Sicherheit durch deutlich bessere Lastverteilung<\/li>\n\n\n\n<li>Reduzierung von Baugr\u00f6\u00dfe und Gewicht<\/li>\n<\/ul>\n<\/li>\n\n\n\n<li>Entwicklung von Berechnungsgrundlagen und Erarbeitung neuer Methoden und Programme mit Hilfe eines interdisziplin\u00e4ren Teams zur besseren Ermittlung der im Betrieb auf die Anlagen wirkenden Lasten inkl. der Inspektion havarierter Anlagen in Norwegen, D\u00e4nemark und Deutschland<\/li>\n\n\n\n<li>Reduzierung der Getriebesch\u00e4den durch neu entwickelte Spezifikationen als Vorgaben f\u00fcr die Pflichtenhefte mit den gewonnen Erkenntnissen aus den neuen Berechnungsgrundlagen<\/li>\n<\/ul>\n\n\n<div class=\"wp-block-ub-divider ub_divider ub-divider-orientation-horizontal\" id=\"ub_divider_68b14d37-51cd-4450-8b71-05397ddba749\"><div class=\"ub_divider_wrapper\" style=\"position: relative; margin-bottom: 2px; width: 20%; height: 2px; \" data-divider-alignment=\"center\"><div class=\"ub_divider_line\" style=\"border-top: 2px solid #ccc; margin-top: 2px; \"><\/div><\/div><\/div>\n\n\n<div class=\"wp-block-columns is-layout-flex wp-container-core-columns-is-layout-28f84493 wp-block-columns-is-layout-flex\">\n<div class=\"wp-block-column is-layout-flow wp-block-column-is-layout-flow\" style=\"line-height:1.7;flex-basis:20%\">\n<p class=\"has-text-align-center\"><strong>10 \/ 2000<br>bis<br>03 \/ 2002<\/strong><\/p>\n<\/div>\n\n\n\n<div class=\"wp-block-column is-layout-flow wp-block-column-is-layout-flow\" style=\"line-height:1.7;flex-basis:10%\">\n<p class=\"has-text-align-right\"><br><strong>Firma:<br>Rolle:<\/strong><\/p>\n<\/div>\n\n\n\n<div class=\"wp-block-column is-layout-flow wp-block-column-is-layout-flow\" style=\"line-height:1.7;flex-basis:70%\">\n<p><br><strong>Antriebstechnik GEFEG GmbH &amp; Co. KG<br>Leiter Technik<\/strong><\/p>\n<\/div>\n<\/div>\n\n\n\n<p>Verantwortung f\u00fcr Konstruktion und Entwicklung, Aufbau der Getriebefertigung<\/p>\n\n\n\n<p>Erfolge:<\/p>\n\n\n\n<ul class=\"wp-block-list\">\n<li>Aufbau und Strukturierung der Abteilungen K&amp;E, Musterbau und Fertigung f\u00fcr die Getriebeproduktion<\/li>\n\n\n\n<li>Entwicklung, Konstruktion, Prototyperprobung und Serieneinf\u00fchrung von\n<ul class=\"wp-block-list\">\n<li>drei Planetengetriebe-Baureihen, f\u00fcr ger\u00e4uschoptimierte Getriebe auch mit neu entwickelten Kunststoffverzahnungen<\/li>\n\n\n\n<li>eines besonders ger\u00e4uscharmen Schneckengetriebemotors f\u00fcr den T\u00fcrantrieb von Personenfahrst\u00fchlen mit einem komplett neu entwickelten Kunststoffschneckenrad<\/li>\n<\/ul>\n<\/li>\n<\/ul>\n\n\n<div class=\"wp-block-ub-divider ub_divider ub-divider-orientation-horizontal\" id=\"ub_divider_34eae743-8e97-4709-8b2d-d854bab73d63\"><div class=\"ub_divider_wrapper\" style=\"position: relative; margin-bottom: 2px; width: 20%; height: 2px; \" data-divider-alignment=\"center\"><div class=\"ub_divider_line\" style=\"border-top: 2px solid #ccc; margin-top: 2px; \"><\/div><\/div><\/div>\n\n\n<div class=\"wp-block-columns is-layout-flex wp-container-core-columns-is-layout-28f84493 wp-block-columns-is-layout-flex\">\n<div class=\"wp-block-column is-layout-flow wp-block-column-is-layout-flow\" style=\"line-height:1.7;flex-basis:20%\">\n<p class=\"has-text-align-center\"><strong>01 \/ 1997<br>bis<br>09 \/ 2000<\/strong><\/p>\n<\/div>\n\n\n\n<div class=\"wp-block-column is-layout-flow wp-block-column-is-layout-flow\" style=\"line-height:1.7;flex-basis:10%\">\n<p class=\"has-text-align-right\"><br><strong>Firma:<br>Rolle:<\/strong><\/p>\n<\/div>\n\n\n\n<div class=\"wp-block-column is-layout-flow wp-block-column-is-layout-flow\" style=\"line-height:1.7;flex-basis:70%\">\n<p><br><strong>Getriebebau NORD GmbH &amp; Co. KG<br>Leiter Getriebekonstruktion<\/strong><\/p>\n<\/div>\n<\/div>\n\n\n\n<p>Verantwortung f\u00fcr Konstruktion von Sonder- und Seriengetrieben, Auftragsbearbeitung, Softwareentwicklung, Normung und Katalogerstellung sowie Vertretung des Unternehmens im Arbeitskreis \u201eGetriebeger\u00e4usche\u201c der FVA (Forschungsvereinigung Antriebstechnik).<\/p>\n\n\n\n<p>Erfolge:<\/p>\n\n\n\n<ul class=\"wp-block-list\">\n<li>Deutliche Steigerung der Leistungsbereitschaft mit sp\u00fcrbar verbesserten Ergebnissen in der Getriebekonstruktion<\/li>\n\n\n\n<li>Erfolgreiche Einf\u00fchrung einer neuen CAD-Software mit 3D-Entwicklung<\/li>\n\n\n\n<li>Abschluss der Entwicklung, Konstruktion, Erprobung und Serieneinf\u00fchrung der kommerziell sehr erfolgreichen Baureihe \u201eNordbloc\u201c<\/li>\n\n\n\n<li>Entwicklung einer Software zur Auswahl von Getrieben und Getriebemotoren aus dem gesamten Baukastensystem inklusive der automatisierten Zeichnungserstellung als DXF-Datei<\/li>\n\n\n\n<li>Einf\u00fchrung neuer Konstruktionsrichtlinien zur Gestaltung ger\u00e4uscharmer Stirnradstufen mit deutlicher Vereinfachung der Getriebemontage<\/li>\n<\/ul>\n\n\n<div class=\"wp-block-ub-divider ub_divider ub-divider-orientation-horizontal\" id=\"ub_divider_273fdc5f-87cb-4f83-bab7-3129dc9d04f5\"><div class=\"ub_divider_wrapper\" style=\"position: relative; margin-bottom: 2px; width: 20%; height: 2px; \" data-divider-alignment=\"center\"><div class=\"ub_divider_line\" style=\"border-top: 2px solid #ccc; margin-top: 2px; \"><\/div><\/div><\/div>\n\n\n<div class=\"wp-block-columns is-layout-flex wp-container-core-columns-is-layout-28f84493 wp-block-columns-is-layout-flex\">\n<div class=\"wp-block-column is-layout-flow wp-block-column-is-layout-flow\" style=\"line-height:1.7;flex-basis:20%\">\n<p class=\"has-text-align-center\"><strong>02 \/ 1996<br>bis<br>09 \/ 1996<\/strong><\/p>\n<\/div>\n\n\n\n<div class=\"wp-block-column is-layout-flow wp-block-column-is-layout-flow\" style=\"line-height:1.7;flex-basis:10%\">\n<p class=\"has-text-align-right\"><br><strong>Firma:<br>Rolle:<\/strong><\/p>\n<\/div>\n\n\n\n<div class=\"wp-block-column is-layout-flow wp-block-column-is-layout-flow\" style=\"line-height:1.7;flex-basis:70%\">\n<p><br><strong>idem GmbH<br>Softwareentwickler, CAD-Spezialist<\/strong><\/p>\n<\/div>\n<\/div>\n\n\n\n<p>Entwicklung von CAD-Zusatzsoftware zur Zeichnungsverwaltung<\/p>\n\n\n<div class=\"wp-block-ub-divider ub_divider ub-divider-orientation-horizontal\" id=\"ub_divider_f74fc6b1-0438-42db-b34c-d9df2709282e\"><div class=\"ub_divider_wrapper\" style=\"position: relative; margin-bottom: 2px; width: 20%; height: 2px; \" data-divider-alignment=\"center\"><div class=\"ub_divider_line\" style=\"border-top: 2px solid #ccc; margin-top: 2px; \"><\/div><\/div><\/div>\n\n\n<div class=\"wp-block-columns is-layout-flex wp-container-core-columns-is-layout-28f84493 wp-block-columns-is-layout-flex\">\n<div class=\"wp-block-column is-layout-flow wp-block-column-is-layout-flow\" style=\"line-height:1.7;flex-basis:20%\">\n<p class=\"has-text-align-center\"><strong>01 \/ 1989<br>bis<br>12 \/ 1995<\/strong><\/p>\n<\/div>\n\n\n\n<div class=\"wp-block-column is-layout-flow wp-block-column-is-layout-flow\" style=\"line-height:1.7;flex-basis:10%\">\n<p class=\"has-text-align-right\"><br><strong>Firma:<br>Rolle:<\/strong><\/p>\n<\/div>\n\n\n\n<div class=\"wp-block-column is-layout-flow wp-block-column-is-layout-flow\" style=\"line-height:1.7;flex-basis:70%\">\n<p><br><strong>Zahnradfabrik Altona-Elbe GmbH &amp; Co. KG<br>Konstrukteur, Leiter F+E<\/strong><\/p>\n<\/div>\n<\/div>\n\n\n\n<p>Aufgaben, Verantwortung:<\/p>\n\n\n\n<ul class=\"wp-block-list\">\n<li>\u00c4nderungs- und Sonderkonstruktionen der vorhandenen Getriebebaureihen<\/li>\n\n\n\n<li>Aufbau des Pr\u00fcffeldes mit Pr\u00fcfst\u00e4nden f\u00fcr die automatisierte Getriebeerprobung<\/li>\n\n\n\n<li>Grundlagenversuche zu Schneckengetrieben<\/li>\n\n\n\n<li>Entwicklung und Konstruktion neuer Getriebebaureihen<\/li>\n\n\n\n<li>Entwicklung von Berechnungssoftware<\/li>\n<\/ul>\n\n\n\n<p>Erfolge:<\/p>\n\n\n\n<ul class=\"wp-block-list\">\n<li>Entwicklung, Konstruktion und Erprobung sowie die Serieneinf\u00fchrung der Stirnrad-Schneckengetriebe und Stirnrad-Schneckengetriebemotoren<\/li>\n\n\n\n<li>Konzipierung und Entwicklung der Eta-Drive Baureihe<\/li>\n\n\n\n<li>Planung und Erstellung eines neuen computergest\u00fctzten Getriebepr\u00fcfstandes<\/li>\n\n\n\n<li>Aufgrund der erbrachten Leistungen Ernennung zum Leiter Forschung und Entwicklung<\/li>\n\n\n\n<li>Programmierung eines PC-Programms zur Auswahl von Getrieben und Getriebemotoren mit Ausgabe der Einbauzeichnungen als DXF<\/li>\n<\/ul>\n\n\n<div class=\"wp-block-ub-divider ub_divider ub-divider-orientation-horizontal\" id=\"ub_divider_5ba0462f-dbf5-4722-a550-74d87cafb951\"><div class=\"ub_divider_wrapper\" style=\"position: relative; margin-bottom: 2px; width: 20%; height: 2px; \" data-divider-alignment=\"center\"><div class=\"ub_divider_line\" style=\"border-top: 2px solid #ccc; margin-top: 2px; \"><\/div><\/div><\/div>\n\n\n<div class=\"wp-block-columns is-layout-flex wp-container-core-columns-is-layout-28f84493 wp-block-columns-is-layout-flex\">\n<div class=\"wp-block-column is-layout-flow wp-block-column-is-layout-flow\" style=\"line-height:1.7;flex-basis:20%\">\n<p class=\"has-text-align-center\"><strong>07 \/ 1986<br>bis<br>12 \/ 1988<\/strong><\/p>\n<\/div>\n\n\n\n<div class=\"wp-block-column is-layout-flow wp-block-column-is-layout-flow\" style=\"line-height:1.7;flex-basis:10%\">\n<p class=\"has-text-align-right\"><br><strong>Firma:<br>Rolle:<\/strong><\/p>\n<\/div>\n\n\n\n<div class=\"wp-block-column is-layout-flow wp-block-column-is-layout-flow\" style=\"line-height:1.7;flex-basis:70%\">\n<p><br><strong>K\u00f6rber AG, Bereich Blohm-Schleifmaschinen<br>Konstrukteur<\/strong><\/p>\n<\/div>\n<\/div>\n\n\n\n<ul class=\"wp-block-list\">\n<li>Mitarbeit bei der Konstruktion von Betriebsmitteln f\u00fcr die Schleifmaschinen<\/li>\n\n\n\n<li>Konstruktion und Detaillierung einer Eingie\u00dfvorrichtung f\u00fcr Turbinenschaufeln<\/li>\n\n\n\n<li>Berechnung der geometrischen Anlagepunkte f\u00fcr die Positionierstifte<\/li>\n\n\n\n<li>Konstruktion von Kabelf\u00fchrungen aus Kunststoff f\u00fcr NC-Teilapparate und die Doppelschleifk\u00f6pfe der Turbinenschaufel-Schleifmaschinen<\/li>\n\n\n\n<li>Konstruktion von Maschinenst\u00e4ndern f\u00fcr Sonderschleifmaschinen<\/li>\n\n\n\n<li>Toleranzberechnungen der Bauteile zur Montierbarkeit<\/li>\n<\/ul>\n\n\n<div class=\"wp-block-ub-divider ub_divider ub-divider-orientation-horizontal\" id=\"ub_divider_09c656bc-64db-41a3-b92b-55b5e8c10526\"><div class=\"ub_divider_wrapper\" style=\"position: relative; margin-bottom: 2px; width: 20%; height: 2px; \" data-divider-alignment=\"center\"><div class=\"ub_divider_line\" style=\"border-top: 2px solid #ccc; margin-top: 2px; \"><\/div><\/div><\/div>\n\n\n<div class=\"wp-block-columns is-layout-flex wp-container-core-columns-is-layout-28f84493 wp-block-columns-is-layout-flex\">\n<div class=\"wp-block-column is-layout-flow wp-block-column-is-layout-flow\" style=\"line-height:1.7;flex-basis:20%\">\n<p class=\"has-text-align-center\"><strong>07 \/ 1979<br>bis<br>06 \/ 1984<\/strong><\/p>\n<\/div>\n\n\n\n<div class=\"wp-block-column is-layout-flow wp-block-column-is-layout-flow\" style=\"line-height:1.7;flex-basis:10%\">\n<p class=\"has-text-align-right\"><br><strong>Firma:<br>Rolle:<\/strong><\/p>\n<\/div>\n\n\n\n<div class=\"wp-block-column is-layout-flow wp-block-column-is-layout-flow\" style=\"line-height:1.7;flex-basis:70%\">\n<p><br><strong>B\u00fchler-Miag Braunschweig<br>Facharbeiter<\/strong><\/p>\n<\/div>\n<\/div>\n\n\n\n<p>Anfertigung von Maschinenbauteilen unterschiedlicher Gr\u00f6\u00dfe und Komplexit\u00e4t an<\/p>\n\n\n\n<ul class=\"wp-block-list\">\n<li>NC-Drehmaschinen<\/li>\n\n\n\n<li>Spitzenschleifmaschinen<\/li>\n\n\n\n<li>Spitzendrehmaschinen<\/li>\n\n\n\n<li>Karusselldrehmaschinen<\/li>\n\n\n\n<li>Fr\u00e4smaschinen<\/li>\n<\/ul>\n\n\n<div class=\"wp-block-ub-divider ub_divider ub-divider-orientation-horizontal\" id=\"ub_divider_0c708823-0b28-4577-8a1c-525fae672b0e\"><div class=\"ub_divider_wrapper\" style=\"position: relative; margin-bottom: 2px; width: 20%; height: 2px; \" data-divider-alignment=\"center\"><div class=\"ub_divider_line\" style=\"border-top: 2px solid #ccc; margin-top: 2px; \"><\/div><\/div><\/div>\n\n\n<h2 class=\"wp-block-heading\" id=\"3-ausbildung\">Ausbildung<\/h2>\n\n\n\n<div class=\"wp-block-columns is-layout-flex wp-container-core-columns-is-layout-28f84493 wp-block-columns-is-layout-flex\">\n<div class=\"wp-block-column is-layout-flow wp-block-column-is-layout-flow\" style=\"line-height:1.7;flex-basis:15%\">\n<p class=\"has-text-align-center\"><strong>09 \/ 1987<br>bis<br>05 \/ 1992<\/strong><\/p>\n<\/div>\n\n\n\n<div class=\"wp-block-column is-layout-flow wp-block-column-is-layout-flow\" style=\"line-height:1.7;flex-basis:20%\">\n<p class=\"has-text-align-right\"><br><strong>Ausbildungsziel:<br>Hochschule:<\/strong><\/p>\n<\/div>\n\n\n\n<div class=\"wp-block-column is-layout-flow wp-block-column-is-layout-flow\" style=\"line-height:1.7;flex-basis:65%\">\n<p><br><strong>Dipl.-Ing. Maschinenbau<br>Hochschule f\u00fcr angewandte Wissenschaften Hamburg<\/strong><\/p>\n<\/div>\n<\/div>\n\n\n\n<p>Berufsbegleitendes Abendstudium mit dem Studienschwerpunkt \u201eAllgemeiner Maschinenbau\u201c<\/p>\n\n\n\n<p>Abschluss: Diplom-Ingenieur<\/p>\n\n\n\n<p>Diplomarbeit mit dem Thema \u201eUntersuchungen und L\u00f6sungsvorschl\u00e4ge zum systematischen Konstruieren in der Getriebeauslegung und Getriebekonstruktion\u201c f\u00fcr die Zahnradfabrik Altona-Elbe.<\/p>\n\n\n\n<ul class=\"wp-block-list\">\n<li>Vorteile bei der Nutzung von Konstruktionskatalogen und dem systematischen Konstruieren<\/li>\n\n\n\n<li>Software zur automatischen Generierung von Sonderkonstruktionen<\/li>\n<\/ul>\n\n\n\n<p>Auszeichnung der Diplomarbeit mit einem Gutschein \u00fcber DM 10.000,- zur Beschaffung eines PC.<br>Das Programm zur Getriebeauswahl wird weiterentwickelt und von Kunden und der Konstruktion bei der Suche nach dem richtigen Antrieb sowie der Erstellung der Einbauzeichnungen genutzt.<\/p>\n\n\n<div class=\"wp-block-ub-divider ub_divider ub-divider-orientation-horizontal\" id=\"ub_divider_ed13632a-1511-40cc-aa8b-1680d65e1af5\"><div class=\"ub_divider_wrapper\" style=\"position: relative; margin-bottom: 2px; width: 20%; height: 2px; \" data-divider-alignment=\"center\"><div class=\"ub_divider_line\" style=\"border-top: 2px solid #ccc; margin-top: 2px; \"><\/div><\/div><\/div>\n\n\n<div class=\"wp-block-columns is-layout-flex wp-container-core-columns-is-layout-28f84493 wp-block-columns-is-layout-flex\">\n<div class=\"wp-block-column is-layout-flow wp-block-column-is-layout-flow\" style=\"line-height:1.7;flex-basis:15%\">\n<p class=\"has-text-align-center\"><strong>08 \/ 1984<br>bis<br>06 \/ 1986<\/strong><\/p>\n<\/div>\n\n\n\n<div class=\"wp-block-column is-layout-flow wp-block-column-is-layout-flow\" style=\"line-height:1.7;flex-basis:20%\">\n<p class=\"has-text-align-right\"><br><strong>Ausbildungsziel:<br>Schule:<\/strong><\/p>\n<\/div>\n\n\n\n<div class=\"wp-block-column is-layout-flow wp-block-column-is-layout-flow\" style=\"line-height:1.7;flex-basis:65%\">\n<p><br><strong>Staatlich gepr\u00fcfter Techniker<br>Technikerschule der Stadt Braunschweig<\/strong><\/p>\n<\/div>\n<\/div>\n\n\n\n<p>Abschl\u00fcsse:<\/p>\n\n\n\n<ul class=\"wp-block-list\">\n<li>Staatlich gepr\u00fcfter Techniker, Fachrichtung Maschinentechnik,<br>Ausbildungsschwerpunkt Konstruktion<\/li>\n\n\n\n<li>Fachhochschulreife durch die Teilnahme an einem zus\u00e4tzlichen Ausbildungsangebot<\/li>\n<\/ul>\n\n\n<div class=\"wp-block-ub-divider ub_divider ub-divider-orientation-horizontal\" id=\"ub_divider_8d24587d-0696-49c4-bd3b-d86c491be13f\"><div class=\"ub_divider_wrapper\" style=\"position: relative; margin-bottom: 2px; width: 20%; height: 2px; \" data-divider-alignment=\"center\"><div class=\"ub_divider_line\" style=\"border-top: 2px solid #ccc; margin-top: 2px; \"><\/div><\/div><\/div>\n\n\n<div class=\"wp-block-columns is-layout-flex wp-container-core-columns-is-layout-28f84493 wp-block-columns-is-layout-flex\">\n<div class=\"wp-block-column is-layout-flow wp-block-column-is-layout-flow\" style=\"line-height:1.7;flex-basis:15%\">\n<p class=\"has-text-align-center\"><strong>08 \/ 1976<br>bis<br>06 \/ 1979<\/strong><\/p>\n<\/div>\n\n\n\n<div class=\"wp-block-column is-layout-flow wp-block-column-is-layout-flow\" style=\"line-height:1.7;flex-basis:20%\">\n<p class=\"has-text-align-right\"><br><strong>Ausbildungsziel:<br>Firma:<\/strong><\/p>\n<\/div>\n\n\n\n<div class=\"wp-block-column is-layout-flow wp-block-column-is-layout-flow\" style=\"line-height:1.7;flex-basis:65%\">\n<p><br><strong>Dreher \/ Facharbeiter<\/strong><br><strong>B\u00fchler-Miag in Braunschweig<\/strong><\/p>\n<\/div>\n<\/div>\n\n\n\n<p>Ausbildung zum Dreher<\/p>\n\n\n\n<p>Abschluss: Facharbeiter<\/p>\n\n\n<div class=\"wp-block-ub-divider ub_divider ub-divider-orientation-horizontal\" id=\"ub_divider_1972d711-c0cd-452f-99bc-48c326a4a5ad\"><div class=\"ub_divider_wrapper\" style=\"position: relative; margin-bottom: 2px; width: 20%; height: 2px; \" data-divider-alignment=\"center\"><div class=\"ub_divider_line\" style=\"border-top: 2px solid #ccc; margin-top: 2px; \"><\/div><\/div><\/div>\n\n\n<h2 class=\"wp-block-heading\" id=\"4-sprachkenntnisse\">Sprachkenntnisse<\/h2>\n\n\n\n<div class=\"wp-block-columns is-layout-flex wp-container-core-columns-is-layout-28f84493 wp-block-columns-is-layout-flex\">\n<div class=\"wp-block-column is-layout-flow wp-block-column-is-layout-flow\" style=\"flex-basis:33.33%\">\n<p class=\"has-text-align-right\">Deutsch:<br>Englisch:<br>Chinesisch:<\/p>\n<\/div>\n\n\n\n<div class=\"wp-block-column is-layout-flow wp-block-column-is-layout-flow\" style=\"flex-basis:66.66%\">\n<p>Muttersprache<br>flie\u00dfend<br>Anf\u00e4nger, lernend<\/p>\n<\/div>\n<\/div>\n\n\n<div class=\"wp-block-ub-divider ub_divider ub-divider-orientation-horizontal\" id=\"ub_divider_b29b7354-99dd-4ec2-bc5a-a32ed16506ad\"><div class=\"ub_divider_wrapper\" style=\"position: relative; margin-bottom: 2px; width: 20%; height: 2px; \" data-divider-alignment=\"center\"><div class=\"ub_divider_line\" style=\"border-top: 2px solid #ccc; margin-top: 2px; \"><\/div><\/div><\/div>\n\n\n<h2 class=\"wp-block-heading\" id=\"5-f%C3%A4higkeiten\">F\u00e4higkeiten<\/h2>\n\n\n\n<div class=\"wp-block-columns is-layout-flex wp-container-core-columns-is-layout-28f84493 wp-block-columns-is-layout-flex\">\n<div class=\"wp-block-column is-layout-flow wp-block-column-is-layout-flow\" style=\"flex-basis:35%\">\n<p class=\"has-text-align-right\">MS-Word:<br><br>MS-Excel:<br><br>MS-Project:<br><br>MS-Visio:<br><br>MS-Powerpoint:<br><br>Free-Pascal \/ ObjectPascal:<br><br>Delphi:<br><br>Fortran:<br><br>Visual Basic:<br><br>Java:<br><br>LibreOffice Writer:<br><br>LibreOffice Calc:<br><br>LibreOffice Draw:<br><br>LibreOffice Impress:<br><br>WordPress:<\/p>\n<\/div>\n\n\n\n<div class=\"wp-block-column is-layout-flow wp-block-column-is-layout-flow\" style=\"flex-basis:15%\">\n<p>sehr gut<br><br>sehr gut<br><br>sehr gut<br><br>gut<br><br>sehr gut<br><br>exzellent<br><br>sehr gut<br><br>gut<br><br>gut<br><br>Kenntnisse<br><br>exzellent<br><br>exzellent<br><br>exzellent<br><br>sehr gut<br><br>gut<\/p>\n<\/div>\n\n\n\n<div class=\"wp-block-column is-layout-flow wp-block-column-is-layout-flow\" style=\"flex-basis:35%\">\n<p class=\"has-text-align-right\">SAP (anwenden):<br><br>Inventor:<br><br>ProE:<br><br>NX10:<br><br>Medusa (2D \/ 3D):<br><br>FreeCAD:<br><br>LibreCAD:<br><br>Corel Draw:<br><br>Corel Technical Designer:<br><br>ST-Plus:<br><br>RIKOR:<br><br>DZP:<br><br>KissSoft<br><br>MASTA:<br><br>Inkscape:<\/p>\n<\/div>\n\n\n\n<div class=\"wp-block-column is-layout-flow wp-block-column-is-layout-flow\" style=\"flex-basis:15%\">\n<p>gut<br><br>sehr gut<br><br>gut<br><br>gut<br><br>sehr gut<br><br>sehr gut<br><br>sehr gut<br><br>sehr gut<br><br>sehr gut<br><br>exzellent<br><br>gut<br><br>gut<br><br>sehr gut<br><br>Kenntnisse<br><br>Kenntnisse<\/p>\n<\/div>\n<\/div>\n\n\n<div class=\"wp-block-ub-divider ub_divider ub-divider-orientation-horizontal\" id=\"ub_divider_0c8b8e38-03a8-410a-b720-31510fabd6da\"><div class=\"ub_divider_wrapper\" style=\"position: relative; margin-bottom: 2px; width: 20%; height: 2px; \" data-divider-alignment=\"center\"><div class=\"ub_divider_line\" style=\"border-top: 2px solid #ccc; margin-top: 2px; \"><\/div><\/div><\/div>","protected":false},"excerpt":{"rendered":"<p>(Download als PDF) Harald Nieswandt Profil Berufliches Profil: Pers\u00f6nliches Profil: Erfahrung seit 09 \/ 25: [&hellip;]<\/p>\n","protected":false},"author":1,"featured_media":0,"parent":0,"menu_order":0,"comment_status":"closed","ping_status":"closed","template":"","meta":{"_lmt_disableupdate":"","_lmt_disable":"","footnotes":""},"class_list":["post-275","page","type-page","status-publish","hentry"],"featured_image_src":null,"_links":{"self":[{"href":"https:\/\/haraldnieswandt.de\/index.php?rest_route=\/wp\/v2\/pages\/275","targetHints":{"allow":["GET"]}}],"collection":[{"href":"https:\/\/haraldnieswandt.de\/index.php?rest_route=\/wp\/v2\/pages"}],"about":[{"href":"https:\/\/haraldnieswandt.de\/index.php?rest_route=\/wp\/v2\/types\/page"}],"author":[{"embeddable":true,"href":"https:\/\/haraldnieswandt.de\/index.php?rest_route=\/wp\/v2\/users\/1"}],"replies":[{"embeddable":true,"href":"https:\/\/haraldnieswandt.de\/index.php?rest_route=%2Fwp%2Fv2%2Fcomments&post=275"}],"version-history":[{"count":39,"href":"https:\/\/haraldnieswandt.de\/index.php?rest_route=\/wp\/v2\/pages\/275\/revisions"}],"predecessor-version":[{"id":1023,"href":"https:\/\/haraldnieswandt.de\/index.php?rest_route=\/wp\/v2\/pages\/275\/revisions\/1023"}],"wp:attachment":[{"href":"https:\/\/haraldnieswandt.de\/index.php?rest_route=%2Fwp%2Fv2%2Fmedia&parent=275"}],"curies":[{"name":"wp","href":"https:\/\/api.w.org\/{rel}","templated":true}]}}